{"id":33,"date":"2014-08-12T15:49:28","date_gmt":"2014-08-12T15:49:28","guid":{"rendered":"https:\/\/www.emmaoemann.dk\/?page_id=33"},"modified":"2024-04-03T09:18:17","modified_gmt":"2024-04-03T09:18:17","slug":"koncert-koncepter","status":"publish","type":"page","link":"https:\/\/www.emmaoemann.dk\/?page_id=33","title":{"rendered":"Projekter"},"content":{"rendered":"\n<h4 class=\"wp-block-heading\"><\/h4>\n\n\n\n<h2 class=\"wp-block-heading\"><span style=\"color: #333333;\"><strong>De Tre Tanter &#8211; en musikforestilling<\/strong><\/span><\/h2>\n\n\n\n<p><span style=\"color: #333333;\">Sammen med pianist Britt Krogh Gr\u00f8nneb\u00e6k og den trofaste maskot, Prik, bringer Tessa Kiilsholm, Sophie Thing-Simonsen og Emma Oemann de gamle b\u00f8rneb\u00f8ger af Elsa Beskow til live i en nyskabende og hyggelig b\u00f8rneopera for b\u00f8rn fra tre \u00e5r og opefter.<\/span><\/p>\n\n\n\n<p><span style=\"color: #333333;\">Emma Oemann og Tessa Kiilsholm har sammen med mezzosopran Malena R\u00f8nnow skrevet danske tekster til en r\u00e6kke sange og arier fra den klassiske sanglitteratur med afs\u00e6t i sangenes oprindelige budskab. P\u00e5 scenen knyttes sange og replikker sammen til en underholdende scenisk fort\u00e6lling, hvor b\u00f8rnene bliver inviteret til at deltage aktivt. Efter forestillingen har b\u00f8rnene ogs\u00e5 mulighed for at stille sp\u00f8rgsm\u00e5l, og for at se og r\u00f8re ved kostumer og rekvisitter &#8211; n\u00e5r omst\u00e6ndighederne tillader det.<\/span><\/p>\n\n\n\n<p>Forestillingen har siden 2017 spillet landet rundt, og er bl.a. blevet inviteret tilbage til N\u00e6stved Kommunes b\u00f8rnehaver tre s\u00e6soner i tr\u00e6k. Ogs\u00e5 hos biblioteker og kulturhuse er musikforestillingen popul\u00e6r, ligesom den har spillet i flere kirker, hos Den Fynske Opera og Operaen i Midten.<\/p>\n\n\n\n<p><a href=\"https:\/\/www.facebook.com\/detretanter\">De Tre Tanter<\/a> er refusionsgodkendt af Statens Kunstr\u00e5d.<\/p>\n\n\n\n<p><span style=\"color: #333333;\">Forestillingen varer 30 min. eksl. sp\u00f8rge-\/r\u00f8re-\/kigge-runden.<\/span><\/p>\n\n\n\n<h4 class=\"wp-block-heading\"><a href=\"https:\/\/www.youtube.com\/watch?v=o740wjES-ig&amp;t=3s\" target=\"_blank\" rel=\"noopener noreferrer\">Showreel for De Tre Tanter<\/a><\/h4>\n\n\n\n<figure class=\"wp-block-gallery aligncenter has-nested-images columns-default is-cropped wp-block-gallery-1 is-layout-flex wp-block-gallery-is-layout-flex\">\n<figure class=\"wp-block-image size-large\"><a href=\"https:\/\/www.emmaoemann.dk\/wp-content\/uploads\/2023\/11\/Tanterne-Januar-2023-101-scaled.jpg\"><img loading=\"lazy\" decoding=\"async\" width=\"1024\" height=\"683\" data-id=\"199\" src=\"https:\/\/www.emmaoemann.dk\/wp-content\/uploads\/2023\/11\/Tanterne-Januar-2023-101-1024x683.jpg\" alt=\"\" class=\"wp-image-199\" srcset=\"https:\/\/www.emmaoemann.dk\/wp-content\/uploads\/2023\/11\/Tanterne-Januar-2023-101-1024x683.jpg 1024w, https:\/\/www.emmaoemann.dk\/wp-content\/uploads\/2023\/11\/Tanterne-Januar-2023-101-300x200.jpg 300w, https:\/\/www.emmaoemann.dk\/wp-content\/uploads\/2023\/11\/Tanterne-Januar-2023-101-768x512.jpg 768w, https:\/\/www.emmaoemann.dk\/wp-content\/uploads\/2023\/11\/Tanterne-Januar-2023-101-1536x1025.jpg 1536w, https:\/\/www.emmaoemann.dk\/wp-content\/uploads\/2023\/11\/Tanterne-Januar-2023-101-2048x1366.jpg 2048w\" sizes=\"(max-width: 1024px) 100vw, 1024px\" \/><\/a><figcaption class=\"wp-element-caption\">Foto: Mikal Schlosser<\/figcaption><\/figure>\n\n\n\n<figure class=\"wp-block-image size-large\"><a href=\"https:\/\/www.emmaoemann.dk\/wp-content\/uploads\/2023\/11\/Tanterne-Januar-2023-102-scaled.jpg\"><img loading=\"lazy\" decoding=\"async\" width=\"1024\" height=\"683\" data-id=\"198\" src=\"https:\/\/www.emmaoemann.dk\/wp-content\/uploads\/2023\/11\/Tanterne-Januar-2023-102-1024x683.jpg\" alt=\"\" class=\"wp-image-198\" srcset=\"https:\/\/www.emmaoemann.dk\/wp-content\/uploads\/2023\/11\/Tanterne-Januar-2023-102-1024x683.jpg 1024w, https:\/\/www.emmaoemann.dk\/wp-content\/uploads\/2023\/11\/Tanterne-Januar-2023-102-300x200.jpg 300w, https:\/\/www.emmaoemann.dk\/wp-content\/uploads\/2023\/11\/Tanterne-Januar-2023-102-768x512.jpg 768w, https:\/\/www.emmaoemann.dk\/wp-content\/uploads\/2023\/11\/Tanterne-Januar-2023-102-1536x1024.jpg 1536w, https:\/\/www.emmaoemann.dk\/wp-content\/uploads\/2023\/11\/Tanterne-Januar-2023-102-2048x1366.jpg 2048w\" sizes=\"(max-width: 1024px) 100vw, 1024px\" \/><\/a><figcaption class=\"wp-element-caption\">Foto: Mikal Schlosser<\/figcaption><\/figure>\n\n\n\n<figure class=\"wp-block-image size-large\"><a href=\"https:\/\/www.emmaoemann.dk\/wp-content\/uploads\/2023\/11\/De-tre-Tanter-Januar-2023-6A-scaled.jpg\"><img loading=\"lazy\" decoding=\"async\" width=\"1024\" height=\"683\" data-id=\"197\" src=\"https:\/\/www.emmaoemann.dk\/wp-content\/uploads\/2023\/11\/De-tre-Tanter-Januar-2023-6A-1024x683.jpg\" alt=\"\" class=\"wp-image-197\" srcset=\"https:\/\/www.emmaoemann.dk\/wp-content\/uploads\/2023\/11\/De-tre-Tanter-Januar-2023-6A-1024x683.jpg 1024w, https:\/\/www.emmaoemann.dk\/wp-content\/uploads\/2023\/11\/De-tre-Tanter-Januar-2023-6A-300x200.jpg 300w, https:\/\/www.emmaoemann.dk\/wp-content\/uploads\/2023\/11\/De-tre-Tanter-Januar-2023-6A-768x512.jpg 768w, https:\/\/www.emmaoemann.dk\/wp-content\/uploads\/2023\/11\/De-tre-Tanter-Januar-2023-6A-1536x1025.jpg 1536w, https:\/\/www.emmaoemann.dk\/wp-content\/uploads\/2023\/11\/De-tre-Tanter-Januar-2023-6A-2048x1366.jpg 2048w\" sizes=\"(max-width: 1024px) 100vw, 1024px\" \/><\/a><figcaption class=\"wp-element-caption\">Foto: Mikal Schlosser<\/figcaption><\/figure>\n<\/figure>\n\n\n\n<figure class=\"wp-block-image size-large\"><a href=\"https:\/\/www.emmaoemann.dk\/wp-content\/uploads\/2023\/11\/De-tre-Tanter-Januar-2023-PlakatA-scaled.jpg\"><img loading=\"lazy\" decoding=\"async\" width=\"683\" height=\"1024\" src=\"https:\/\/www.emmaoemann.dk\/wp-content\/uploads\/2023\/11\/De-tre-Tanter-Januar-2023-PlakatA-683x1024.jpg\" alt=\"\" class=\"wp-image-194\" srcset=\"https:\/\/www.emmaoemann.dk\/wp-content\/uploads\/2023\/11\/De-tre-Tanter-Januar-2023-PlakatA-683x1024.jpg 683w, https:\/\/www.emmaoemann.dk\/wp-content\/uploads\/2023\/11\/De-tre-Tanter-Januar-2023-PlakatA-200x300.jpg 200w, https:\/\/www.emmaoemann.dk\/wp-content\/uploads\/2023\/11\/De-tre-Tanter-Januar-2023-PlakatA-768x1152.jpg 768w, https:\/\/www.emmaoemann.dk\/wp-content\/uploads\/2023\/11\/De-tre-Tanter-Januar-2023-PlakatA-1024x1536.jpg 1024w, https:\/\/www.emmaoemann.dk\/wp-content\/uploads\/2023\/11\/De-tre-Tanter-Januar-2023-PlakatA-1366x2048.jpg 1366w, https:\/\/www.emmaoemann.dk\/wp-content\/uploads\/2023\/11\/De-tre-Tanter-Januar-2023-PlakatA-scaled.jpg 1707w\" sizes=\"(max-width: 683px) 100vw, 683px\" \/><\/a><figcaption class=\"wp-element-caption\">Foto: Mikal Schlosser<\/figcaption><\/figure>\n\n\n\n<p><\/p>\n\n\n\n<h2 class=\"wp-block-heading\"><span style=\"color: #333333;\"><strong>Operacl\u00e9<\/strong><\/span><\/h2>\n\n\n\n<h3 class=\"wp-block-heading\">Foreningen Operacl\u00e9 arbejder for formidling af musikdramatik og klassisk sang i hele Danmark. F\u00f8lg os og vores projekter p\u00e5 <a href=\"https:\/\/www.facebook.com\/profile.php?id=61555738941121\">Facebook<\/a>.<\/h3>\n\n\n\n<div class=\"wp-block-group is-layout-constrained wp-block-group-is-layout-constrained\"><div class=\"wp-block-group__inner-container\">\n<div class=\"wp-block-columns is-layout-flex wp-container-core-columns-layout-2 wp-block-columns-is-layout-flex\">\n<div class=\"wp-block-column is-layout-flow wp-block-column-is-layout-flow\" style=\"flex-basis:100%\">\n<div class=\"wp-block-columns is-layout-flex wp-container-core-columns-layout-1 wp-block-columns-is-layout-flex\">\n<div class=\"wp-block-column is-layout-flow wp-block-column-is-layout-flow\" style=\"flex-basis:100%\">\n<figure class=\"wp-block-gallery has-nested-images columns-default is-cropped wp-block-gallery-2 is-layout-flex wp-block-gallery-is-layout-flex\">\n<figure class=\"wp-block-image size-large\"><a href=\"https:\/\/www.emmaoemann.dk\/wp-content\/uploads\/2024\/02\/231003Studio00556-1-scaled.jpg\"><img loading=\"lazy\" decoding=\"async\" width=\"1024\" height=\"768\" src=\"https:\/\/www.emmaoemann.dk\/wp-content\/uploads\/2024\/02\/231003Studio00556-1-1024x768.jpg\" alt=\"\" class=\"wp-image-211\" srcset=\"https:\/\/www.emmaoemann.dk\/wp-content\/uploads\/2024\/02\/231003Studio00556-1-1024x768.jpg 1024w, https:\/\/www.emmaoemann.dk\/wp-content\/uploads\/2024\/02\/231003Studio00556-1-300x225.jpg 300w, https:\/\/www.emmaoemann.dk\/wp-content\/uploads\/2024\/02\/231003Studio00556-1-768x576.jpg 768w, https:\/\/www.emmaoemann.dk\/wp-content\/uploads\/2024\/02\/231003Studio00556-1-1536x1152.jpg 1536w, https:\/\/www.emmaoemann.dk\/wp-content\/uploads\/2024\/02\/231003Studio00556-1-2048x1536.jpg 2048w\" sizes=\"(max-width: 1024px) 100vw, 1024px\" \/><\/a><figcaption class=\"wp-element-caption\">Foto: Ard Jongsma<\/figcaption><\/figure>\n\n\n\n<figure class=\"wp-block-image size-large\"><a href=\"https:\/\/www.emmaoemann.dk\/wp-content\/uploads\/2024\/02\/nogle.jpg\"><img loading=\"lazy\" decoding=\"async\" width=\"720\" height=\"480\" src=\"https:\/\/www.emmaoemann.dk\/wp-content\/uploads\/2024\/02\/nogle.jpg\" alt=\"\" class=\"wp-image-213\" srcset=\"https:\/\/www.emmaoemann.dk\/wp-content\/uploads\/2024\/02\/nogle.jpg 720w, https:\/\/www.emmaoemann.dk\/wp-content\/uploads\/2024\/02\/nogle-300x200.jpg 300w\" sizes=\"(max-width: 720px) 100vw, 720px\" \/><\/a><figcaption class=\"wp-element-caption\">Logo: Rasmus Ruge<\/figcaption><\/figure>\n\n\n\n<figure class=\"wp-block-image size-large\"><a href=\"https:\/\/www.emmaoemann.dk\/wp-content\/uploads\/2024\/02\/231003Studio00468-scaled.jpg\"><img loading=\"lazy\" decoding=\"async\" width=\"1024\" height=\"768\" src=\"https:\/\/www.emmaoemann.dk\/wp-content\/uploads\/2024\/02\/231003Studio00468-1024x768.jpg\" alt=\"\" class=\"wp-image-212\" srcset=\"https:\/\/www.emmaoemann.dk\/wp-content\/uploads\/2024\/02\/231003Studio00468-1024x768.jpg 1024w, https:\/\/www.emmaoemann.dk\/wp-content\/uploads\/2024\/02\/231003Studio00468-300x225.jpg 300w, https:\/\/www.emmaoemann.dk\/wp-content\/uploads\/2024\/02\/231003Studio00468-768x576.jpg 768w, https:\/\/www.emmaoemann.dk\/wp-content\/uploads\/2024\/02\/231003Studio00468-1536x1152.jpg 1536w, https:\/\/www.emmaoemann.dk\/wp-content\/uploads\/2024\/02\/231003Studio00468-2048x1536.jpg 2048w\" sizes=\"(max-width: 1024px) 100vw, 1024px\" \/><\/a><figcaption class=\"wp-element-caption\">Foto: Ard Jongsma<\/figcaption><\/figure>\n\n\n\n<figure class=\"wp-block-image size-large\"><a href=\"https:\/\/www.emmaoemann.dk\/wp-content\/uploads\/2024\/02\/231003Studio00462-1-scaled.jpg\"><img loading=\"lazy\" decoding=\"async\" width=\"1024\" height=\"768\" src=\"https:\/\/www.emmaoemann.dk\/wp-content\/uploads\/2024\/02\/231003Studio00462-1-1024x768.jpg\" alt=\"\" class=\"wp-image-210\" srcset=\"https:\/\/www.emmaoemann.dk\/wp-content\/uploads\/2024\/02\/231003Studio00462-1-1024x768.jpg 1024w, https:\/\/www.emmaoemann.dk\/wp-content\/uploads\/2024\/02\/231003Studio00462-1-300x225.jpg 300w, https:\/\/www.emmaoemann.dk\/wp-content\/uploads\/2024\/02\/231003Studio00462-1-768x576.jpg 768w, https:\/\/www.emmaoemann.dk\/wp-content\/uploads\/2024\/02\/231003Studio00462-1-1536x1152.jpg 1536w, https:\/\/www.emmaoemann.dk\/wp-content\/uploads\/2024\/02\/231003Studio00462-1-2048x1536.jpg 2048w\" sizes=\"(max-width: 1024px) 100vw, 1024px\" \/><\/a><figcaption class=\"wp-element-caption\">Foto: Ard Jongsma<\/figcaption><\/figure>\n\n\n\n<figure class=\"wp-block-image size-large\"><a href=\"https:\/\/www.emmaoemann.dk\/wp-content\/uploads\/2024\/02\/231003Studio00516-scaled.jpg\"><img loading=\"lazy\" decoding=\"async\" width=\"1024\" height=\"768\" src=\"https:\/\/www.emmaoemann.dk\/wp-content\/uploads\/2024\/02\/231003Studio00516-1024x768.jpg\" alt=\"\" class=\"wp-image-209\" srcset=\"https:\/\/www.emmaoemann.dk\/wp-content\/uploads\/2024\/02\/231003Studio00516-1024x768.jpg 1024w, https:\/\/www.emmaoemann.dk\/wp-content\/uploads\/2024\/02\/231003Studio00516-300x225.jpg 300w, https:\/\/www.emmaoemann.dk\/wp-content\/uploads\/2024\/02\/231003Studio00516-768x576.jpg 768w, https:\/\/www.emmaoemann.dk\/wp-content\/uploads\/2024\/02\/231003Studio00516-1536x1152.jpg 1536w, https:\/\/www.emmaoemann.dk\/wp-content\/uploads\/2024\/02\/231003Studio00516-2048x1536.jpg 2048w\" sizes=\"(max-width: 1024px) 100vw, 1024px\" \/><\/a><figcaption class=\"wp-element-caption\">Foto: Ard Jongsma<\/figcaption><\/figure>\n<\/figure>\n<\/div>\n<\/div>\n<\/div>\n<\/div>\n<\/div><\/div>\n\n\n\n<h3 class=\"wp-block-heading\"><strong>Forelsket i Goethe! En semiscenisk koncert<\/strong><\/h3>\n\n\n\n<p>2024 er 275-\u00e5ret for Goethes f\u00f8dsel &#8211; en oplagt lejlighed til at markere den store digter. I Forelsket i Goethe! forbindes de st\u00e6rke Mignon- og Suleika-tekster gennem Lieder for hhv. sopran og mezzosopran, mens en danser spejler, hj\u00e6lper og undertrykker karaktererne i sangene. Temaerne er magt, k\u00f8n og sandhed, og musikken er af Schubert, Schumann, Wolf, Liszt, Fanny Hensel (Mendelssohn) og Felix Mendelssohn. Projektet er bl.a. st\u00f8ttet af Dansk Skuespillerforbund, Dansk Musiker Forbund, William Demant Fonden og Knud H\u00f8jgaards Fond. Danmarksturn\u00e9 i efter\u00e5ret 2024.<\/p>\n\n\n\n<p>Medvirkende: <a href=\"https:\/\/www.michellenoralind.com\/minora\/forside\/om\">Michelle Nora Lind<\/a> sopran, Emma Oemann mezzosopran, Christina Dyekj\u00e6r fra <a href=\"https:\/\/www.detfynskedansekompagni.dk\/kompagniet\">Det Fynske Dansekompagni<\/a> og <a href=\"https:\/\/www.annemettestaehr.com\/\">Anne Mette St\u00e6hr<\/a> pianist.<\/p>\n\n\n\n<p>Kontakt os for en pris og mere information om performancen.<\/p>\n\n\n\n<h3 class=\"wp-block-heading\"><strong>Foreningen historie<\/strong><\/h3>\n\n\n\n<p>Sopran Michelle Nora Lind er med-initiativtager til Operacl\u00e9, som opstod i 2016. Kompagniets f\u00f8rste operaops\u00e6tning &#8220;Kvindelist&#8221; (La Serva Padrona af Pergolesi) var skabt og oversat til dansk af Michelle og baryton Rasmus Ruge. Forestillingen spillede bl.a. p\u00e5 Aalborg Operafestival og Den Fynske Opera med fine anmeldelser. P\u00e5 holdet var ogs\u00e5 danser\/koreograf Tine Damborg, instrukt\u00f8r Jonathan Paul Cook og scenograf\/kostumier <a href=\"https:\/\/www.najas.dk\/albums\/kvindelist-operacle\/\">Naja Sch\u00f8nemann<\/a>.<\/p>\n\n\n\n<div class=\"wp-block-group is-horizontal is-content-justification-space-between is-layout-flex wp-container-core-group-layout-2 wp-block-group-is-layout-flex\">\n<figure class=\"wp-block-gallery has-nested-images columns-default is-cropped wp-block-gallery-3 is-layout-flex wp-block-gallery-is-layout-flex\">\n<figure class=\"wp-block-image size-large\"><a href=\"https:\/\/www.emmaoemann.dk\/wp-content\/uploads\/2024\/02\/Kvindelist-2.jpg\"><img loading=\"lazy\" decoding=\"async\" width=\"200\" height=\"267\" src=\"https:\/\/www.emmaoemann.dk\/wp-content\/uploads\/2024\/02\/Kvindelist-2.jpg\" alt=\"\" class=\"wp-image-223\"\/><\/a><\/figure>\n\n\n\n<figure class=\"wp-block-image size-large\"><a href=\"https:\/\/www.emmaoemann.dk\/wp-content\/uploads\/2024\/02\/Serpina.jpg\"><img loading=\"lazy\" decoding=\"async\" width=\"765\" height=\"1024\" src=\"https:\/\/www.emmaoemann.dk\/wp-content\/uploads\/2024\/02\/Serpina-765x1024.jpg\" alt=\"\" class=\"wp-image-230\" srcset=\"https:\/\/www.emmaoemann.dk\/wp-content\/uploads\/2024\/02\/Serpina-765x1024.jpg 765w, https:\/\/www.emmaoemann.dk\/wp-content\/uploads\/2024\/02\/Serpina-224x300.jpg 224w, https:\/\/www.emmaoemann.dk\/wp-content\/uploads\/2024\/02\/Serpina-768x1028.jpg 768w, https:\/\/www.emmaoemann.dk\/wp-content\/uploads\/2024\/02\/Serpina-1147x1536.jpg 1147w, https:\/\/www.emmaoemann.dk\/wp-content\/uploads\/2024\/02\/Serpina.jpg 1195w\" sizes=\"(max-width: 765px) 100vw, 765px\" \/><\/a><\/figure>\n\n\n\n<figure class=\"wp-block-image size-large\"><a href=\"https:\/\/www.emmaoemann.dk\/wp-content\/uploads\/2024\/02\/Uberto-og-Serpina-tv2fyn-2.jpg\"><img loading=\"lazy\" decoding=\"async\" width=\"213\" height=\"267\" src=\"https:\/\/www.emmaoemann.dk\/wp-content\/uploads\/2024\/02\/Uberto-og-Serpina-tv2fyn-2.jpg\" alt=\"\" class=\"wp-image-222\"\/><\/a><\/figure>\n\n\n\n<figure class=\"wp-block-image size-large\"><a href=\"https:\/\/www.emmaoemann.dk\/wp-content\/uploads\/2024\/02\/Kvindelist-foto-1.jpg\"><img loading=\"lazy\" decoding=\"async\" width=\"372\" height=\"267\" src=\"https:\/\/www.emmaoemann.dk\/wp-content\/uploads\/2024\/02\/Kvindelist-foto-1.jpg\" alt=\"\" class=\"wp-image-221\" srcset=\"https:\/\/www.emmaoemann.dk\/wp-content\/uploads\/2024\/02\/Kvindelist-foto-1.jpg 372w, https:\/\/www.emmaoemann.dk\/wp-content\/uploads\/2024\/02\/Kvindelist-foto-1-300x215.jpg 300w\" sizes=\"(max-width: 372px) 100vw, 372px\" \/><\/a><\/figure>\n\n\n\n<figure class=\"wp-block-image size-large\"><a href=\"https:\/\/www.emmaoemann.dk\/wp-content\/uploads\/2024\/02\/Kvindelist-i-Ascolta-1.jpg\"><img loading=\"lazy\" decoding=\"async\" width=\"586\" height=\"411\" src=\"https:\/\/www.emmaoemann.dk\/wp-content\/uploads\/2024\/02\/Kvindelist-i-Ascolta-1.jpg\" alt=\"\" class=\"wp-image-224\" srcset=\"https:\/\/www.emmaoemann.dk\/wp-content\/uploads\/2024\/02\/Kvindelist-i-Ascolta-1.jpg 586w, https:\/\/www.emmaoemann.dk\/wp-content\/uploads\/2024\/02\/Kvindelist-i-Ascolta-1-300x210.jpg 300w\" sizes=\"(max-width: 586px) 100vw, 586px\" \/><\/a><\/figure>\n<\/figure>\n<\/div>\n\n\n\n<p>Fra begyndelsen var tanken at udbrede og formidle opera; at v\u00e6re en n\u00f8gle til opera. Cl\u00e9 betyder n\u00f8gle p\u00e5 fransk, og Operacl\u00e9s logo er netop udformet som en n\u00f8gle &#8211; designet og tegnet af baryton Rasmus Ruge.<\/p>\n\n\n\n<p>I 2023 indtr\u00e5dte Emma Oemann i Operacl\u00e9, og en forening blev stiftet. Michelle og Emma har kendt hinanden, siden de var 13-14 \u00e5r. Begge sangere var med fra opstarten af elitekoret Folkekirkens Ungdomskors Landskor, hvor de m\u00f8dte hinanden. Her startede et venskab og samarbejde, som har f\u00f8rt til mange gode koncerter og forestillinger &#8211; og nu et operakompagni med ambitioner og flere projekter i st\u00f8beskeen.&nbsp;<\/p>\n\n\n\n<figure class=\"wp-block-gallery has-nested-images columns-4 is-cropped wp-block-gallery-4 is-layout-flex wp-block-gallery-is-layout-flex\">\n<figure class=\"wp-block-image size-large\"><a href=\"https:\/\/www.emmaoemann.dk\/wp-content\/uploads\/2024\/02\/231003Studio00445-scaled.jpg\"><img loading=\"lazy\" decoding=\"async\" width=\"1024\" height=\"768\" data-id=\"235\" src=\"https:\/\/www.emmaoemann.dk\/wp-content\/uploads\/2024\/02\/231003Studio00445-1024x768.jpg\" alt=\"\" class=\"wp-image-235\" srcset=\"https:\/\/www.emmaoemann.dk\/wp-content\/uploads\/2024\/02\/231003Studio00445-1024x768.jpg 1024w, https:\/\/www.emmaoemann.dk\/wp-content\/uploads\/2024\/02\/231003Studio00445-300x225.jpg 300w, https:\/\/www.emmaoemann.dk\/wp-content\/uploads\/2024\/02\/231003Studio00445-768x576.jpg 768w, https:\/\/www.emmaoemann.dk\/wp-content\/uploads\/2024\/02\/231003Studio00445-1536x1152.jpg 1536w, https:\/\/www.emmaoemann.dk\/wp-content\/uploads\/2024\/02\/231003Studio00445-2048x1536.jpg 2048w\" sizes=\"(max-width: 1024px) 100vw, 1024px\" \/><\/a><figcaption class=\"wp-element-caption\">Foto: Ard Jongsma<\/figcaption><\/figure>\n\n\n\n<figure class=\"wp-block-image size-large\"><a href=\"https:\/\/www.emmaoemann.dk\/wp-content\/uploads\/2024\/02\/231003Studio00402-scaled.jpg\"><img loading=\"lazy\" decoding=\"async\" width=\"1024\" height=\"768\" data-id=\"237\" src=\"https:\/\/www.emmaoemann.dk\/wp-content\/uploads\/2024\/02\/231003Studio00402-1024x768.jpg\" alt=\"\" class=\"wp-image-237\" srcset=\"https:\/\/www.emmaoemann.dk\/wp-content\/uploads\/2024\/02\/231003Studio00402-1024x768.jpg 1024w, https:\/\/www.emmaoemann.dk\/wp-content\/uploads\/2024\/02\/231003Studio00402-300x225.jpg 300w, https:\/\/www.emmaoemann.dk\/wp-content\/uploads\/2024\/02\/231003Studio00402-768x576.jpg 768w, https:\/\/www.emmaoemann.dk\/wp-content\/uploads\/2024\/02\/231003Studio00402-1536x1152.jpg 1536w, https:\/\/www.emmaoemann.dk\/wp-content\/uploads\/2024\/02\/231003Studio00402-2048x1536.jpg 2048w\" sizes=\"(max-width: 1024px) 100vw, 1024px\" \/><\/a><figcaption class=\"wp-element-caption\">Foto: Ard Jongsma<\/figcaption><\/figure>\n\n\n\n<figure class=\"wp-block-image size-large\"><a href=\"https:\/\/www.emmaoemann.dk\/wp-content\/uploads\/2024\/02\/231003Studio00446-scaled.jpg\"><img loading=\"lazy\" decoding=\"async\" width=\"1024\" height=\"768\" data-id=\"234\" src=\"https:\/\/www.emmaoemann.dk\/wp-content\/uploads\/2024\/02\/231003Studio00446-1024x768.jpg\" alt=\"\" class=\"wp-image-234\" srcset=\"https:\/\/www.emmaoemann.dk\/wp-content\/uploads\/2024\/02\/231003Studio00446-1024x768.jpg 1024w, https:\/\/www.emmaoemann.dk\/wp-content\/uploads\/2024\/02\/231003Studio00446-300x225.jpg 300w, https:\/\/www.emmaoemann.dk\/wp-content\/uploads\/2024\/02\/231003Studio00446-768x576.jpg 768w, https:\/\/www.emmaoemann.dk\/wp-content\/uploads\/2024\/02\/231003Studio00446-1536x1152.jpg 1536w, https:\/\/www.emmaoemann.dk\/wp-content\/uploads\/2024\/02\/231003Studio00446-2048x1536.jpg 2048w\" sizes=\"(max-width: 1024px) 100vw, 1024px\" \/><\/a><figcaption class=\"wp-element-caption\">Foto: Ard Jongsma<\/figcaption><\/figure>\n<\/figure>\n","protected":false},"excerpt":{"rendered":"<p>De Tre Tanter &#8211; en musikforestilling Sammen med pianist Britt Krogh Gr\u00f8nneb\u00e6k og den trofaste maskot, Prik, bringer Tessa Kiilsholm, Sophie Thing-Simonsen og Emma Oemann de gamle b\u00f8rneb\u00f8ger af Elsa Beskow til live i en nyskabende og hyggelig b\u00f8rneopera for &hellip; <a href=\"https:\/\/www.emmaoemann.dk\/?page_id=33\">Continue reading <span class=\"meta-nav\">&rarr;<\/span><\/a><\/p>\n","protected":false},"author":1,"featured_media":0,"parent":0,"menu_order":3,"comment_status":"closed","ping_status":"open","template":"","meta":{"footnotes":""},"_links":{"self":[{"href":"https:\/\/www.emmaoemann.dk\/index.php?rest_route=\/wp\/v2\/pages\/33"}],"collection":[{"href":"https:\/\/www.emmaoemann.dk\/index.php?rest_route=\/wp\/v2\/pages"}],"about":[{"href":"https:\/\/www.emmaoemann.dk\/index.php?rest_route=\/wp\/v2\/types\/page"}],"author":[{"embeddable":true,"href":"https:\/\/www.emmaoemann.dk\/index.php?rest_route=\/wp\/v2\/users\/1"}],"replies":[{"embeddable":true,"href":"https:\/\/www.emmaoemann.dk\/index.php?rest_route=%2Fwp%2Fv2%2Fcomments&post=33"}],"version-history":[{"count":20,"href":"https:\/\/www.emmaoemann.dk\/index.php?rest_route=\/wp\/v2\/pages\/33\/revisions"}],"predecessor-version":[{"id":243,"href":"https:\/\/www.emmaoemann.dk\/index.php?rest_route=\/wp\/v2\/pages\/33\/revisions\/243"}],"wp:attachment":[{"href":"https:\/\/www.emmaoemann.dk\/index.php?rest_route=%2Fwp%2Fv2%2Fmedia&parent=33"}],"curies":[{"name":"wp","href":"https:\/\/api.w.org\/{rel}","templated":true}]}}